{"id":1688,"date":"2018-06-06T10:38:53","date_gmt":"2018-06-06T09:38:53","guid":{"rendered":"http:\/\/www.haggadalensfiber.se\/?page_id=1688"},"modified":"2023-10-15T18:22:32","modified_gmt":"2023-10-15T17:22:32","slug":"hjalp-min-fiber-gick-av","status":"publish","type":"page","link":"https:\/\/www.haggadalensfiber.se\/?page_id=1688","title":{"rendered":"Hj\u00e4lp! Min fiber gick av!"},"content":{"rendered":"\n<figure class=\"wp-block-image\"><img loading=\"lazy\" decoding=\"async\" width=\"688\" height=\"387\" src=\"http:\/\/www.haggadalensfiber.se\/wp-content\/uploads\/2014\/03\/Computer-cables-internet-optical-fiber.jpg\" alt=\"\" class=\"wp-image-175\" srcset=\"https:\/\/www.haggadalensfiber.se\/wp-content\/uploads\/2014\/03\/Computer-cables-internet-optical-fiber.jpg 688w, https:\/\/www.haggadalensfiber.se\/wp-content\/uploads\/2014\/03\/Computer-cables-internet-optical-fiber-600x337.jpg 600w\" sizes=\"auto, (max-width: 688px) 100vw, 688px\" \/><\/figure>\n\n\n\n<h3 class=\"wp-block-heading\">Har fibern g\u00e5tt av?<\/h3>\n\n\n\n<h6 class=\"wp-block-heading\">&#8221;Jag skulle flytta p\u00e5 routern och tappade den&#8230;&#8221;<\/h6>\n\n\n\n<h4 class=\"wp-block-heading\">OBS! P\u00e5 f\u00f6rekommen anledning:<br>Vi \u00e4r en fiberf\u00f6rening lokaliserad i Marks kommun, V\u00e4stra G\u00f6taland och agerar endast inom f\u00f6reningens verksamhetsomr\u00e5de, f\u00f6r v\u00e5ra medlemmar. Vi \u00e4r inte en reparationsfirma.<\/h4>\n\n\n\n<h6 class=\"wp-block-heading\">&#8221;N\u00e4r jag renoverade r\u00e5kade s\u00e5gen g\u00e5 r\u00e4tt \u00f6ver fiberkabeln&#8230;&#8221;<\/h6>\n\n\n\n<h6 class=\"wp-block-heading\">&#8221;Jag skulle m\u00e5la om fasaden och skruvade loss utedosan. Jag tror jag kl\u00e4mde kabeln n\u00e4r jag satte tillbaka den&#8230;&#8221;<\/h6>\n\n\n\n<h6 class=\"wp-block-heading\">&#8221;Katten har tuggat p\u00e5 fiberkabeln!&#8221;<\/h6>\n\n\n\n<p>Vi har h\u00f6rt det mesta och olyckor sker l\u00e4tt med den sk\u00f6ra fiberkabeln. Men var inte orolig, det g\u00e5r att laga! Vi har tillg\u00e5ng till fibersvets och lagar eller byter ut fiberkabeln om olyckan varit framme.<br>Kontakta styrelse&#110;&#64;&#104;&#97;&#103;&#103;&#97;&#100;&#97;&#108;&#x65;&#x6e;&#x73;&#x66;&#x69;&#x62;&#x65;&#x72;&#x2e;&#x73;&#x65; om olyckan varit framme s\u00e5 fixar vi det snabbt och l\u00e4tt (Vi tar betalt av dig om du orsakat skadan, utrustning och material kostar&#8230;). Humana priser!<br><strong>Kontakta oss g\u00e4rna INNAN fasaddosan monteras bort, vi har tips och trix f\u00f6r att slippa fiberavbrott och reparation! <\/strong><\/p>\n","protected":false},"excerpt":{"rendered":"<p>Har fibern g\u00e5tt av? &#8221;Jag skulle flytta p\u00e5 routern och tappade den&#8230;&#8221; OBS! P\u00e5 f\u00f6rekommen anledning:Vi \u00e4r en fiberf\u00f6rening lokaliserad i Marks kommun, V\u00e4stra G\u00f6taland och agerar endast inom f\u00f6reningens verksamhetsomr\u00e5de, f\u00f6r v\u00e5ra medlemmar. Vi \u00e4r inte en reparationsfirma. &#8221;N\u00e4r jag renoverade r\u00e5kade s\u00e5gen g\u00e5 r\u00e4tt \u00f6ver fiberkabeln&#8230;&#8221; &#8221;Jag skulle m\u00e5la om fasaden och skruvade &hellip; <a href=\"https:\/\/www.haggadalensfiber.se\/?page_id=1688\" class=\"more-link\">Forts\u00e4tt l\u00e4sa <span class=\"screen-reader-text\">Hj\u00e4lp! Min fiber gick av!<\/span> <span class=\"meta-nav\">&rarr;<\/span><\/a><\/p>\n","protected":false},"author":2,"featured_media":0,"parent":470,"menu_order":0,"comment_status":"closed","ping_status":"closed","template":"","meta":{"footnotes":""},"class_list":["post-1688","page","type-page","status-publish","hentry"],"_links":{"self":[{"href":"https:\/\/www.haggadalensfiber.se\/index.php?rest_route=\/wp\/v2\/pages\/1688","targetHints":{"allow":["GET"]}}],"collection":[{"href":"https:\/\/www.haggadalensfiber.se\/index.php?rest_route=\/wp\/v2\/pages"}],"about":[{"href":"https:\/\/www.haggadalensfiber.se\/index.php?rest_route=\/wp\/v2\/types\/page"}],"author":[{"embeddable":true,"href":"https:\/\/www.haggadalensfiber.se\/index.php?rest_route=\/wp\/v2\/users\/2"}],"replies":[{"embeddable":true,"href":"https:\/\/www.haggadalensfiber.se\/index.php?rest_route=%2Fwp%2Fv2%2Fcomments&post=1688"}],"version-history":[{"count":4,"href":"https:\/\/www.haggadalensfiber.se\/index.php?rest_route=\/wp\/v2\/pages\/1688\/revisions"}],"predecessor-version":[{"id":2660,"href":"https:\/\/www.haggadalensfiber.se\/index.php?rest_route=\/wp\/v2\/pages\/1688\/revisions\/2660"}],"up":[{"embeddable":true,"href":"https:\/\/www.haggadalensfiber.se\/index.php?rest_route=\/wp\/v2\/pages\/470"}],"wp:attachment":[{"href":"https:\/\/www.haggadalensfiber.se\/index.php?rest_route=%2Fwp%2Fv2%2Fmedia&parent=1688"}],"curies":[{"name":"wp","href":"https:\/\/api.w.org\/{rel}","templated":true}]}}